{"id":2303,"date":"2022-01-05T10:44:28","date_gmt":"2022-01-05T09:44:28","guid":{"rendered":"https:\/\/www.stephaneolivier.eu\/?post_type=product&#038;p=2303"},"modified":"2022-01-05T12:34:39","modified_gmt":"2022-01-05T11:34:39","slug":"oslo-11","status":"publish","type":"product","link":"https:\/\/www.stephaneolivier.eu\/en\/product\/oslo-11\/","title":{"rendered":"Oslo-11"},"content":{"rendered":"<p class=\" translation-block\"><strong>Necklace<\/strong> in <strong>blown glass bead<\/strong>, made from<strong>  opaque murrinesBlue and Ivory<\/strong><\/p>\n<p class=\" translation-block\">mounted on <strong>silver wire<\/strong> length <strong>44cm<\/strong><\/p>\n<p class=\" translation-block\">System of <strong>bayonet closure<\/strong> (see detail of the closure)<\/p>\n<p>Diameter of the pearl 23mm.<\/p>\n<p class=\" translation-block\">Weight <strong>7g<\/strong><\/p>","protected":false},"excerpt":{"rendered":"<p>Collier\u00a0en \u00a0perle de verre\u00a0souffl\u00e9e, r\u00e9alis\u00e9e \u00e0 partir de murrines opaque de couleur Bleue\u00a0 et Ivoire mont\u00e9e sur fil c\u00e2bl\u00e9 argent\u00e9\u00a0longueur 44cm Syst\u00e8me de fermeture \u00e0 ba\u00efonnette \u00a0(voir detail de la fermeture) Diam\u00e8tre de la perle 23mm. Poids 7g<\/p>","protected":false},"featured_media":2293,"template":"","meta":{"_mi_skip_tracking":false,"_monsterinsights_sitenote_active":false,"_monsterinsights_sitenote_note":"","_monsterinsights_sitenote_category":0,"_vp_format_video_url":"","_vp_image_focal_point":[]},"product_cat":[152],"product_tag":[67],"yoast_head":"<!-- This site is optimized with the Yoast SEO plugin v20.12 - https:\/\/yoast.com\/wordpress\/plugins\/seo\/ -->\n<title>Oslo-11 - St\u00e9phane OLIVIER<\/title>\n<meta name=\"description\" content=\"Collier\u00a0en \u00a0perle de verre\u00a0souffl\u00e9e, r\u00e9alis\u00e9e \u00e0 partir de murrines opaque de couleur Bleue\u00a0 et Ivoire - mont\u00e9e sur fil c\u00e2bl\u00e9 argent\u00e9\u00a0longueur 44cm\" \/>\n<meta name=\"robots\" content=\"index, follow, max-snippet:-1, max-image-preview:large, max-video-preview:-1\" \/>\n<link rel=\"canonical\" href=\"https:\/\/www.stephaneolivier.eu\/en\/product\/oslo-11\/\" \/>\n<meta property=\"og:locale\" content=\"en_US\" \/>\n<meta property=\"og:type\" content=\"article\" \/>\n<meta property=\"og:title\" content=\"Oslo-11 - St\u00e9phane OLIVIER\" \/>\n<meta property=\"og:description\" content=\"Collier\u00a0en \u00a0perle de verre\u00a0souffl\u00e9e, r\u00e9alis\u00e9e \u00e0 partir de murrines opaque de couleur Bleue\u00a0 et Ivoire - mont\u00e9e sur fil c\u00e2bl\u00e9 argent\u00e9\u00a0longueur 44cm\" \/>\n<meta property=\"og:url\" content=\"https:\/\/www.stephaneolivier.eu\/en\/product\/oslo-11\/\" \/>\n<meta property=\"og:site_name\" content=\"St\u00e9phane OLIVIER\" \/>\n<meta property=\"article:modified_time\" content=\"2022-01-05T11:34:39+00:00\" \/>\n<meta property=\"og:image\" content=\"https:\/\/www.stephaneolivier.eu\/wp-content\/uploads\/2022\/01\/1x1_064A1513_Oslo-11_Stephane_OLIVIER.jpg\" \/>\n\t<meta property=\"og:image:width\" content=\"1080\" \/>\n\t<meta property=\"og:image:height\" content=\"1080\" \/>\n\t<meta property=\"og:image:type\" content=\"image\/jpeg\" \/>\n<meta name=\"twitter:card\" content=\"summary_large_image\" \/>\n<meta name=\"twitter:label1\" content=\"Est. reading time\" \/>\n\t<meta name=\"twitter:data1\" content=\"1 minute\" \/>\n<script type=\"application\/ld+json\" class=\"yoast-schema-graph\">{\"@context\":\"https:\/\/schema.org\",\"@graph\":[{\"@type\":\"WebPage\",\"@id\":\"https:\/\/www.stephaneolivier.eu\/produit\/oslo-11\/\",\"url\":\"https:\/\/www.stephaneolivier.eu\/produit\/oslo-11\/\",\"name\":\"Oslo-11 - St\u00e9phane OLIVIER\",\"isPartOf\":{\"@id\":\"https:\/\/www.stephaneolivier.eu\/#website\"},\"datePublished\":\"2022-01-05T09:44:28+00:00\",\"dateModified\":\"2022-01-05T11:34:39+00:00\",\"description\":\"Collier\u00a0en \u00a0perle de verre\u00a0souffl\u00e9e, r\u00e9alis\u00e9e \u00e0 partir de murrines opaque de couleur Bleue\u00a0 et Ivoire - mont\u00e9e sur fil c\u00e2bl\u00e9 argent\u00e9\u00a0longueur 44cm\",\"breadcrumb\":{\"@id\":\"https:\/\/www.stephaneolivier.eu\/produit\/oslo-11\/#breadcrumb\"},\"inLanguage\":\"en-US\",\"potentialAction\":[{\"@type\":\"ReadAction\",\"target\":[\"https:\/\/www.stephaneolivier.eu\/produit\/oslo-11\/\"]}]},{\"@type\":\"BreadcrumbList\",\"@id\":\"https:\/\/www.stephaneolivier.eu\/produit\/oslo-11\/#breadcrumb\",\"itemListElement\":[{\"@type\":\"ListItem\",\"position\":1,\"name\":\"Accueil\",\"item\":\"https:\/\/www.stephaneolivier.eu\/\"},{\"@type\":\"ListItem\",\"position\":2,\"name\":\"Boutique\",\"item\":\"https:\/\/www.stephaneolivier.eu\/boutique\/\"},{\"@type\":\"ListItem\",\"position\":3,\"name\":\"Oslo-11\"}]},{\"@type\":\"WebSite\",\"@id\":\"https:\/\/www.stephaneolivier.eu\/#website\",\"url\":\"https:\/\/www.stephaneolivier.eu\/\",\"name\":\"St\u00e9phane OLIVIER Glass Jewelry\",\"description\":\"Artisanat d&#039;art - Bijoux en verre et argent\",\"publisher\":{\"@id\":\"https:\/\/www.stephaneolivier.eu\/#organization\"},\"potentialAction\":[{\"@type\":\"SearchAction\",\"target\":{\"@type\":\"EntryPoint\",\"urlTemplate\":\"https:\/\/www.stephaneolivier.eu\/?s={search_term_string}\"},\"query-input\":\"required name=search_term_string\"}],\"inLanguage\":\"en-US\"},{\"@type\":\"Organization\",\"@id\":\"https:\/\/www.stephaneolivier.eu\/#organization\",\"name\":\"St\u00e9phane OLIVIER\",\"url\":\"https:\/\/www.stephaneolivier.eu\/\",\"logo\":{\"@type\":\"ImageObject\",\"inLanguage\":\"en-US\",\"@id\":\"https:\/\/www.stephaneolivier.eu\/#\/schema\/logo\/image\/\",\"url\":\"https:\/\/www.stephaneolivier.eu\/wp-content\/uploads\/2020\/03\/1x1_IMG_2591_Stendhal-1_Stephane_OLIVIER.jpg\",\"contentUrl\":\"https:\/\/www.stephaneolivier.eu\/wp-content\/uploads\/2020\/03\/1x1_IMG_2591_Stendhal-1_Stephane_OLIVIER.jpg\",\"width\":1024,\"height\":1024,\"caption\":\"St\u00e9phane OLIVIER\"},\"image\":{\"@id\":\"https:\/\/www.stephaneolivier.eu\/#\/schema\/logo\/image\/\"},\"sameAs\":[\"https:\/\/www.instagram.com\/stephane_olivier_beads\/\",\"https:\/\/www.pinterest.fr\/stphaneo\/\"]}]}<\/script>\n<!-- \/ Yoast SEO plugin. -->","yoast_head_json":{"title":"Oslo-11 - St\u00e9phane OLIVIER","description":"Collier\u00a0en \u00a0perle de verre\u00a0souffl\u00e9e, r\u00e9alis\u00e9e \u00e0 partir de murrines opaque de couleur Bleue\u00a0 et Ivoire - mont\u00e9e sur fil c\u00e2bl\u00e9 argent\u00e9\u00a0longueur 44cm","robots":{"index":"index","follow":"follow","max-snippet":"max-snippet:-1","max-image-preview":"max-image-preview:large","max-video-preview":"max-video-preview:-1"},"canonical":"https:\/\/www.stephaneolivier.eu\/en\/product\/oslo-11\/","og_locale":"en_US","og_type":"article","og_title":"Oslo-11 - St\u00e9phane OLIVIER","og_description":"Collier\u00a0en \u00a0perle de verre\u00a0souffl\u00e9e, r\u00e9alis\u00e9e \u00e0 partir de murrines opaque de couleur Bleue\u00a0 et Ivoire - mont\u00e9e sur fil c\u00e2bl\u00e9 argent\u00e9\u00a0longueur 44cm","og_url":"https:\/\/www.stephaneolivier.eu\/en\/product\/oslo-11\/","og_site_name":"St\u00e9phane OLIVIER","article_modified_time":"2022-01-05T11:34:39+00:00","og_image":[{"width":1080,"height":1080,"url":"https:\/\/www.stephaneolivier.eu\/wp-content\/uploads\/2022\/01\/1x1_064A1513_Oslo-11_Stephane_OLIVIER.jpg","type":"image\/jpeg"}],"twitter_card":"summary_large_image","twitter_misc":{"Est. reading time":"1 minute"},"schema":{"@context":"https:\/\/schema.org","@graph":[{"@type":"WebPage","@id":"https:\/\/www.stephaneolivier.eu\/produit\/oslo-11\/","url":"https:\/\/www.stephaneolivier.eu\/produit\/oslo-11\/","name":"Oslo-11 - St\u00e9phane OLIVIER","isPartOf":{"@id":"https:\/\/www.stephaneolivier.eu\/#website"},"datePublished":"2022-01-05T09:44:28+00:00","dateModified":"2022-01-05T11:34:39+00:00","description":"Collier\u00a0en \u00a0perle de verre\u00a0souffl\u00e9e, r\u00e9alis\u00e9e \u00e0 partir de murrines opaque de couleur Bleue\u00a0 et Ivoire - mont\u00e9e sur fil c\u00e2bl\u00e9 argent\u00e9\u00a0longueur 44cm","breadcrumb":{"@id":"https:\/\/www.stephaneolivier.eu\/produit\/oslo-11\/#breadcrumb"},"inLanguage":"en-US","potentialAction":[{"@type":"ReadAction","target":["https:\/\/www.stephaneolivier.eu\/produit\/oslo-11\/"]}]},{"@type":"BreadcrumbList","@id":"https:\/\/www.stephaneolivier.eu\/produit\/oslo-11\/#breadcrumb","itemListElement":[{"@type":"ListItem","position":1,"name":"Accueil","item":"https:\/\/www.stephaneolivier.eu\/"},{"@type":"ListItem","position":2,"name":"Boutique","item":"https:\/\/www.stephaneolivier.eu\/boutique\/"},{"@type":"ListItem","position":3,"name":"Oslo-11"}]},{"@type":"WebSite","@id":"https:\/\/www.stephaneolivier.eu\/#website","url":"https:\/\/www.stephaneolivier.eu\/","name":"St\u00e9phane OLIVIER Glass Jewelry","description":"Artisanat d&#039;art - Bijoux en verre et argent","publisher":{"@id":"https:\/\/www.stephaneolivier.eu\/#organization"},"potentialAction":[{"@type":"SearchAction","target":{"@type":"EntryPoint","urlTemplate":"https:\/\/www.stephaneolivier.eu\/?s={search_term_string}"},"query-input":"required name=search_term_string"}],"inLanguage":"en-US"},{"@type":"Organization","@id":"https:\/\/www.stephaneolivier.eu\/#organization","name":"St\u00e9phane OLIVIER","url":"https:\/\/www.stephaneolivier.eu\/","logo":{"@type":"ImageObject","inLanguage":"en-US","@id":"https:\/\/www.stephaneolivier.eu\/#\/schema\/logo\/image\/","url":"https:\/\/www.stephaneolivier.eu\/wp-content\/uploads\/2020\/03\/1x1_IMG_2591_Stendhal-1_Stephane_OLIVIER.jpg","contentUrl":"https:\/\/www.stephaneolivier.eu\/wp-content\/uploads\/2020\/03\/1x1_IMG_2591_Stendhal-1_Stephane_OLIVIER.jpg","width":1024,"height":1024,"caption":"St\u00e9phane OLIVIER"},"image":{"@id":"https:\/\/www.stephaneolivier.eu\/#\/schema\/logo\/image\/"},"sameAs":["https:\/\/www.instagram.com\/stephane_olivier_beads\/","https:\/\/www.pinterest.fr\/stphaneo\/"]}]}},"_links":{"self":[{"href":"https:\/\/www.stephaneolivier.eu\/en\/wp-json\/wp\/v2\/product\/2303"}],"collection":[{"href":"https:\/\/www.stephaneolivier.eu\/en\/wp-json\/wp\/v2\/product"}],"about":[{"href":"https:\/\/www.stephaneolivier.eu\/en\/wp-json\/wp\/v2\/types\/product"}],"wp:featuredmedia":[{"embeddable":true,"href":"https:\/\/www.stephaneolivier.eu\/en\/wp-json\/wp\/v2\/media\/2293"}],"wp:attachment":[{"href":"https:\/\/www.stephaneolivier.eu\/en\/wp-json\/wp\/v2\/media?parent=2303"}],"wp:term":[{"taxonomy":"product_cat","embeddable":true,"href":"https:\/\/www.stephaneolivier.eu\/en\/wp-json\/wp\/v2\/product_cat?post=2303"},{"taxonomy":"product_tag","embeddable":true,"href":"https:\/\/www.stephaneolivier.eu\/en\/wp-json\/wp\/v2\/product_tag?post=2303"}],"curies":[{"name":"wp","href":"https:\/\/api.w.org\/{rel}","templated":true}]}}