{"id":2946,"date":"2022-04-15T14:38:20","date_gmt":"2022-04-15T12:38:20","guid":{"rendered":"https:\/\/www.stephaneolivier.eu\/?post_type=product&#038;p=2946"},"modified":"2022-04-15T14:46:06","modified_gmt":"2022-04-15T12:46:06","slug":"sevre-04","status":"publish","type":"product","link":"https:\/\/www.stephaneolivier.eu\/en\/product\/sevre-04\/","title":{"rendered":"Sevre-04"},"content":{"rendered":"<p class=\" translation-block\"><strong>Glass bead necklace<\/strong> with blue, yellow, green and red patterns encircled with ivory<\/p>\n<p class=\" translation-block\"><strong>Pearl<\/strong> with a diameter <strong>23<\/strong><strong>mm<\/strong> mounted on <strong>black neoprene necklace<\/strong> length <strong>42cm<\/strong><\/p>\n<p class=\" translation-block\">Buckle closure and small <b>light blue<\/b> bead (detail image of the closure is not contractual)<\/p>\n<p class=\" translation-block\">Weight <strong>8g<\/strong><\/p>","protected":false},"excerpt":{"rendered":"<p>Collier perle de verre \u00a0\u00e0 motifs bleut\u00e9 , jaune , vert et rouge cercl\u00e9s d&rsquo;ivoire Perle\u00a0de diam\u00e8tre\u00a023mm\u00a0mont\u00e9e sur collier N\u00e9opr\u00e8ne noir longueur 42cm Fermeture par boucle et petite perle de couleur bleu claire\u00a0\u00a0(image du detail de la fermeture non contractuelle) Poids 8g<\/p>","protected":false},"featured_media":2947,"template":"","meta":{"_mi_skip_tracking":false,"_monsterinsights_sitenote_active":false,"_monsterinsights_sitenote_note":"","_monsterinsights_sitenote_category":0,"_vp_format_video_url":"","_vp_image_focal_point":[]},"product_cat":[155,154,164],"product_tag":[70],"yoast_head":"<!-- This site is optimized with the Yoast SEO plugin v20.12 - https:\/\/yoast.com\/wordpress\/plugins\/seo\/ -->\n<title>Sevre-04 - St\u00e9phane OLIVIER<\/title>\n<meta name=\"robots\" content=\"index, follow, max-snippet:-1, max-image-preview:large, max-video-preview:-1\" \/>\n<link rel=\"canonical\" href=\"https:\/\/www.stephaneolivier.eu\/en\/product\/sevre-04\/\" \/>\n<meta property=\"og:locale\" content=\"en_US\" \/>\n<meta property=\"og:type\" content=\"article\" \/>\n<meta property=\"og:title\" content=\"Sevre-04 - St\u00e9phane OLIVIER\" \/>\n<meta property=\"og:description\" content=\"Collier perle de verre \u00a0\u00e0 motifs bleut\u00e9 , jaune , vert et rouge cercl\u00e9s d&rsquo;ivoire Perle\u00a0de diam\u00e8tre\u00a023mm\u00a0mont\u00e9e sur collier N\u00e9opr\u00e8ne noir longueur 42cm Fermeture par boucle et petite perle de couleur bleu claire\u00a0\u00a0(image du detail de la fermeture non contractuelle) Poids 8g\" \/>\n<meta property=\"og:url\" content=\"https:\/\/www.stephaneolivier.eu\/en\/product\/sevre-04\/\" \/>\n<meta property=\"og:site_name\" content=\"St\u00e9phane OLIVIER\" \/>\n<meta property=\"article:modified_time\" content=\"2022-04-15T12:46:06+00:00\" \/>\n<meta property=\"og:image\" content=\"https:\/\/www.stephaneolivier.eu\/wp-content\/uploads\/2022\/04\/1x1_064A3883_Sevre-4_Stephane_OLIVIER.jpg\" \/>\n\t<meta property=\"og:image:width\" content=\"1024\" \/>\n\t<meta property=\"og:image:height\" content=\"683\" \/>\n\t<meta property=\"og:image:type\" content=\"image\/jpeg\" \/>\n<meta name=\"twitter:card\" content=\"summary_large_image\" \/>\n<meta name=\"twitter:label1\" content=\"Est. reading time\" \/>\n\t<meta name=\"twitter:data1\" content=\"1 minute\" \/>\n<script type=\"application\/ld+json\" class=\"yoast-schema-graph\">{\"@context\":\"https:\/\/schema.org\",\"@graph\":[{\"@type\":\"WebPage\",\"@id\":\"https:\/\/www.stephaneolivier.eu\/produit\/sevre-04\/\",\"url\":\"https:\/\/www.stephaneolivier.eu\/produit\/sevre-04\/\",\"name\":\"Sevre-04 - St\u00e9phane OLIVIER\",\"isPartOf\":{\"@id\":\"https:\/\/www.stephaneolivier.eu\/#website\"},\"datePublished\":\"2022-04-15T12:38:20+00:00\",\"dateModified\":\"2022-04-15T12:46:06+00:00\",\"breadcrumb\":{\"@id\":\"https:\/\/www.stephaneolivier.eu\/produit\/sevre-04\/#breadcrumb\"},\"inLanguage\":\"en-US\",\"potentialAction\":[{\"@type\":\"ReadAction\",\"target\":[\"https:\/\/www.stephaneolivier.eu\/produit\/sevre-04\/\"]}]},{\"@type\":\"BreadcrumbList\",\"@id\":\"https:\/\/www.stephaneolivier.eu\/produit\/sevre-04\/#breadcrumb\",\"itemListElement\":[{\"@type\":\"ListItem\",\"position\":1,\"name\":\"Accueil\",\"item\":\"https:\/\/www.stephaneolivier.eu\/\"},{\"@type\":\"ListItem\",\"position\":2,\"name\":\"Boutique\",\"item\":\"https:\/\/www.stephaneolivier.eu\/boutique\/\"},{\"@type\":\"ListItem\",\"position\":3,\"name\":\"Sevre-04\"}]},{\"@type\":\"WebSite\",\"@id\":\"https:\/\/www.stephaneolivier.eu\/#website\",\"url\":\"https:\/\/www.stephaneolivier.eu\/\",\"name\":\"St\u00e9phane OLIVIER Glass Jewelry\",\"description\":\"Artisanat d&#039;art - Bijoux en verre et argent\",\"publisher\":{\"@id\":\"https:\/\/www.stephaneolivier.eu\/#organization\"},\"potentialAction\":[{\"@type\":\"SearchAction\",\"target\":{\"@type\":\"EntryPoint\",\"urlTemplate\":\"https:\/\/www.stephaneolivier.eu\/?s={search_term_string}\"},\"query-input\":\"required name=search_term_string\"}],\"inLanguage\":\"en-US\"},{\"@type\":\"Organization\",\"@id\":\"https:\/\/www.stephaneolivier.eu\/#organization\",\"name\":\"St\u00e9phane OLIVIER\",\"url\":\"https:\/\/www.stephaneolivier.eu\/\",\"logo\":{\"@type\":\"ImageObject\",\"inLanguage\":\"en-US\",\"@id\":\"https:\/\/www.stephaneolivier.eu\/#\/schema\/logo\/image\/\",\"url\":\"https:\/\/www.stephaneolivier.eu\/wp-content\/uploads\/2020\/03\/1x1_IMG_2591_Stendhal-1_Stephane_OLIVIER.jpg\",\"contentUrl\":\"https:\/\/www.stephaneolivier.eu\/wp-content\/uploads\/2020\/03\/1x1_IMG_2591_Stendhal-1_Stephane_OLIVIER.jpg\",\"width\":1024,\"height\":1024,\"caption\":\"St\u00e9phane OLIVIER\"},\"image\":{\"@id\":\"https:\/\/www.stephaneolivier.eu\/#\/schema\/logo\/image\/\"},\"sameAs\":[\"https:\/\/www.instagram.com\/stephane_olivier_beads\/\",\"https:\/\/www.pinterest.fr\/stphaneo\/\"]}]}<\/script>\n<!-- \/ Yoast SEO plugin. -->","yoast_head_json":{"title":"Sevre-04 - St\u00e9phane OLIVIER","robots":{"index":"index","follow":"follow","max-snippet":"max-snippet:-1","max-image-preview":"max-image-preview:large","max-video-preview":"max-video-preview:-1"},"canonical":"https:\/\/www.stephaneolivier.eu\/en\/product\/sevre-04\/","og_locale":"en_US","og_type":"article","og_title":"Sevre-04 - St\u00e9phane OLIVIER","og_description":"Collier perle de verre \u00a0\u00e0 motifs bleut\u00e9 , jaune , vert et rouge cercl\u00e9s d&rsquo;ivoire Perle\u00a0de diam\u00e8tre\u00a023mm\u00a0mont\u00e9e sur collier N\u00e9opr\u00e8ne noir longueur 42cm Fermeture par boucle et petite perle de couleur bleu claire\u00a0\u00a0(image du detail de la fermeture non contractuelle) Poids 8g","og_url":"https:\/\/www.stephaneolivier.eu\/en\/product\/sevre-04\/","og_site_name":"St\u00e9phane OLIVIER","article_modified_time":"2022-04-15T12:46:06+00:00","og_image":[{"width":1024,"height":683,"url":"https:\/\/www.stephaneolivier.eu\/wp-content\/uploads\/2022\/04\/1x1_064A3883_Sevre-4_Stephane_OLIVIER.jpg","type":"image\/jpeg"}],"twitter_card":"summary_large_image","twitter_misc":{"Est. reading time":"1 minute"},"schema":{"@context":"https:\/\/schema.org","@graph":[{"@type":"WebPage","@id":"https:\/\/www.stephaneolivier.eu\/produit\/sevre-04\/","url":"https:\/\/www.stephaneolivier.eu\/produit\/sevre-04\/","name":"Sevre-04 - St\u00e9phane OLIVIER","isPartOf":{"@id":"https:\/\/www.stephaneolivier.eu\/#website"},"datePublished":"2022-04-15T12:38:20+00:00","dateModified":"2022-04-15T12:46:06+00:00","breadcrumb":{"@id":"https:\/\/www.stephaneolivier.eu\/produit\/sevre-04\/#breadcrumb"},"inLanguage":"en-US","potentialAction":[{"@type":"ReadAction","target":["https:\/\/www.stephaneolivier.eu\/produit\/sevre-04\/"]}]},{"@type":"BreadcrumbList","@id":"https:\/\/www.stephaneolivier.eu\/produit\/sevre-04\/#breadcrumb","itemListElement":[{"@type":"ListItem","position":1,"name":"Accueil","item":"https:\/\/www.stephaneolivier.eu\/"},{"@type":"ListItem","position":2,"name":"Boutique","item":"https:\/\/www.stephaneolivier.eu\/boutique\/"},{"@type":"ListItem","position":3,"name":"Sevre-04"}]},{"@type":"WebSite","@id":"https:\/\/www.stephaneolivier.eu\/#website","url":"https:\/\/www.stephaneolivier.eu\/","name":"St\u00e9phane OLIVIER Glass Jewelry","description":"Artisanat d&#039;art - Bijoux en verre et argent","publisher":{"@id":"https:\/\/www.stephaneolivier.eu\/#organization"},"potentialAction":[{"@type":"SearchAction","target":{"@type":"EntryPoint","urlTemplate":"https:\/\/www.stephaneolivier.eu\/?s={search_term_string}"},"query-input":"required name=search_term_string"}],"inLanguage":"en-US"},{"@type":"Organization","@id":"https:\/\/www.stephaneolivier.eu\/#organization","name":"St\u00e9phane OLIVIER","url":"https:\/\/www.stephaneolivier.eu\/","logo":{"@type":"ImageObject","inLanguage":"en-US","@id":"https:\/\/www.stephaneolivier.eu\/#\/schema\/logo\/image\/","url":"https:\/\/www.stephaneolivier.eu\/wp-content\/uploads\/2020\/03\/1x1_IMG_2591_Stendhal-1_Stephane_OLIVIER.jpg","contentUrl":"https:\/\/www.stephaneolivier.eu\/wp-content\/uploads\/2020\/03\/1x1_IMG_2591_Stendhal-1_Stephane_OLIVIER.jpg","width":1024,"height":1024,"caption":"St\u00e9phane OLIVIER"},"image":{"@id":"https:\/\/www.stephaneolivier.eu\/#\/schema\/logo\/image\/"},"sameAs":["https:\/\/www.instagram.com\/stephane_olivier_beads\/","https:\/\/www.pinterest.fr\/stphaneo\/"]}]}},"_links":{"self":[{"href":"https:\/\/www.stephaneolivier.eu\/en\/wp-json\/wp\/v2\/product\/2946"}],"collection":[{"href":"https:\/\/www.stephaneolivier.eu\/en\/wp-json\/wp\/v2\/product"}],"about":[{"href":"https:\/\/www.stephaneolivier.eu\/en\/wp-json\/wp\/v2\/types\/product"}],"wp:featuredmedia":[{"embeddable":true,"href":"https:\/\/www.stephaneolivier.eu\/en\/wp-json\/wp\/v2\/media\/2947"}],"wp:attachment":[{"href":"https:\/\/www.stephaneolivier.eu\/en\/wp-json\/wp\/v2\/media?parent=2946"}],"wp:term":[{"taxonomy":"product_cat","embeddable":true,"href":"https:\/\/www.stephaneolivier.eu\/en\/wp-json\/wp\/v2\/product_cat?post=2946"},{"taxonomy":"product_tag","embeddable":true,"href":"https:\/\/www.stephaneolivier.eu\/en\/wp-json\/wp\/v2\/product_tag?post=2946"}],"curies":[{"name":"wp","href":"https:\/\/api.w.org\/{rel}","templated":true}]}}